{"id":564,"date":"2020-04-28T15:51:33","date_gmt":"2020-04-28T13:51:33","guid":{"rendered":"https:\/\/christine.melchert.se\/web\/?page_id=564"},"modified":"2025-10-08T15:53:41","modified_gmt":"2025-10-08T13:53:41","slug":"oro-och-altande-tankar","status":"publish","type":"page","link":"https:\/\/christine.melchert.se\/web\/oro-och-altande-tankar\/","title":{"rendered":"Oro och \u00e4ltande tankar"},"content":{"rendered":"\n<p>M\u00e5nga m\u00e4nniskor lider av mer eller mindre stark oro med\ngrubblerier och \u00e4ltande tankar som f\u00f6ljd. Negativa tankar i sig \u00e4r inte\nfarliga, utan det \u00e4r tiden du l\u00e4gger ner p\u00e5 dessa som kan skapa stora problem\nf\u00f6r dig. <\/p>\n\n\n\n<p>En del m\u00e4nniskor \u00e4ltar fr\u00e5gest\u00e4llningar, m\u00f6ten, problem osv.\nv\u00e4ldigt mycket och l\u00e4nge, ibland s\u00e5 mycket som flera timmar dagligen. Detta \u00e4r\nv\u00e4ldigt energikr\u00e4vande och f\u00f6rutom att du som oroar dig och \u00e4ltar s\u00e5 mycket s\u00e5\nklart m\u00e5r k\u00e4nslom\u00e4ssigt d\u00e5ligt, kan \u00e4ven dina relationer och skol-\/arbetsuppgifter\nbli rej\u00e4lt lidande. <\/p>\n\n\n\n<p>Min erfarenhet av klienter med stark oro \u00e4r att s\u00f6mnen ocks\u00e5 p\u00e5verkas mycket negativt, vilket i sin tur leder till \u00e4nnu mer oro och \u00e4ltande. F\u00f6r lite och d\u00e5lig s\u00f6mn ger i sig ocks\u00e5 negativa konsekvenser som s\u00e4mre kognitiv f\u00f6rm\u00e5ga, mindre t\u00e5lamod, s\u00e4mre beslutsfattningsf\u00f6rm\u00e5ga, viktuppg\u00e5ng osv.<\/p>\n\n\n\n<p>I hypnoanalys jobbar vi parallellt med att hitta och bearbeta\norsaker till din oro och med mentala \u00f6vningar som du f\u00e5r l\u00e4ra dig f\u00f6r att kunna\nhantera och p\u00e5 sikt eliminera \u00f6verdrivet \u00e4ltande. <\/p>\n\n\n\n<p>H\u00e4r kan du lyssna p\u00e5 en hypnos-avslappning mot oro och \u00e4ltande tankar:<\/p>\n\n\n\n<figure class=\"wp-block-embed is-type-video is-provider-youtube wp-block-embed-youtube wp-embed-aspect-16-9 wp-has-aspect-ratio\"><div class=\"wp-block-embed__wrapper\">\n<iframe loading=\"lazy\" title=\"Christine Melchert - Avslappning mot oro och \u00e4ltande tankar\" width=\"660\" height=\"371\" src=\"https:\/\/www.youtube.com\/embed\/4bnGMk4Q5r0?feature=oembed\" frameborder=\"0\" allow=\"accelerometer; autoplay; clipboard-write; encrypted-media; gyroscope; picture-in-picture; web-share\" referrerpolicy=\"strict-origin-when-cross-origin\" allowfullscreen><\/iframe>\n<\/div><\/figure>\n","protected":false},"excerpt":{"rendered":"<p>M\u00e5nga m\u00e4nniskor lider av mer eller mindre stark oro med grubblerier och \u00e4ltande tankar som f\u00f6ljd. Negativa tankar i sig \u00e4r inte farliga, utan det \u00e4r tiden du l\u00e4gger ner p\u00e5 dessa som kan skapa stora problem f\u00f6r dig. En del m\u00e4nniskor \u00e4ltar fr\u00e5gest\u00e4llningar, m\u00f6ten, problem osv. v\u00e4ldigt mycket och l\u00e4nge, ibland s\u00e5 mycket som &hellip; <a href=\"https:\/\/christine.melchert.se\/web\/oro-och-altande-tankar\/\" class=\"more-link\">Forts\u00e4tt l\u00e4sa <span class=\"screen-reader-text\">Oro och \u00e4ltande tankar<\/span><\/a><\/p>\n","protected":false},"author":2,"featured_media":1015,"parent":0,"menu_order":0,"comment_status":"closed","ping_status":"closed","template":"","meta":{"footnotes":""},"class_list":["post-564","page","type-page","status-publish","has-post-thumbnail","hentry"],"_links":{"self":[{"href":"https:\/\/christine.melchert.se\/web\/wp-json\/wp\/v2\/pages\/564","targetHints":{"allow":["GET"]}}],"collection":[{"href":"https:\/\/christine.melchert.se\/web\/wp-json\/wp\/v2\/pages"}],"about":[{"href":"https:\/\/christine.melchert.se\/web\/wp-json\/wp\/v2\/types\/page"}],"author":[{"embeddable":true,"href":"https:\/\/christine.melchert.se\/web\/wp-json\/wp\/v2\/users\/2"}],"replies":[{"embeddable":true,"href":"https:\/\/christine.melchert.se\/web\/wp-json\/wp\/v2\/comments?post=564"}],"version-history":[{"count":3,"href":"https:\/\/christine.melchert.se\/web\/wp-json\/wp\/v2\/pages\/564\/revisions"}],"predecessor-version":[{"id":1380,"href":"https:\/\/christine.melchert.se\/web\/wp-json\/wp\/v2\/pages\/564\/revisions\/1380"}],"wp:featuredmedia":[{"embeddable":true,"href":"https:\/\/christine.melchert.se\/web\/wp-json\/wp\/v2\/media\/1015"}],"wp:attachment":[{"href":"https:\/\/christine.melchert.se\/web\/wp-json\/wp\/v2\/media?parent=564"}],"curies":[{"name":"wp","href":"https:\/\/api.w.org\/{rel}","templated":true}]}}